{"id":2205,"date":"2026-03-26T23:50:09","date_gmt":"2026-03-26T22:50:09","guid":{"rendered":"https:\/\/civilut.hu\/programok\/a-civilut-alapitvany-a-magyar-vizilabda-szovetseg-joszolgalati-partnere\/"},"modified":"2026-03-27T19:04:16","modified_gmt":"2026-03-27T18:04:16","slug":"a-civilut-alapitvany-a-magyar-vizilabda-szovetseg-joszolgalati-partnere","status":"publish","type":"programok","link":"https:\/\/civilut.hu\/?programok=a-civilut-alapitvany-a-magyar-vizilabda-szovetseg-joszolgalati-partnere","title":{"rendered":"A Civil\u00fat Alap\u00edtv\u00e1ny a Magyar V\u00edzilabda Sz\u00f6vets\u00e9g j\u00f3szolg\u00e1lati partnere \u00a0"},"content":{"rendered":"<p style=\"text-align: left\">A Civil\u00fat Alap\u00edtv\u00e1ny a Magyar V\u00edzilabda Sz\u00f6vets\u00e9g j\u00f3szolg\u00e1lati partnerek\u00e9nt elk\u00f6telezett abban, hogy a v\u00edzilabda sport\u00e1g esem\u00e9nyein a csal\u00e1dok, a fogyat\u00e9koss\u00e1ggal \u00e9s nehez\u00edtetts\u00e9ggel \u00e9l\u0151 emberek, valamint az eg\u00e9szs\u00e9g\u00fcgyi dolgoz\u00f3k min\u00e9l nagyobb sz\u00e1mban r\u00e9szt tudjanak venni, \u00e9s megismerj\u00e9k a sport, a k\u00f6z\u00f6s szurkol\u00e1s \u00f6r\u00f6m\u00e9t, k\u00f6z\u00f6ss\u00e9g\u00e9p\u00edt\u0151 erej\u00e9t. A j\u00f3szolg\u00e1lati partners\u00e9g r\u00e9szek\u00e9nt a Magyar V\u00edzilabda Sz\u00f6vets\u00e9g t\u00e9r\u00edt\u00e9smentes jegyeket aj\u00e1nl fel, amelyeket a Civil\u00fat Alap\u00edtv\u00e1ny egy\u00fcttm\u0171k\u00f6d\u0151 partnerei \u00fatj\u00e1n juttatja el a kedvezm\u00e9nyezettek sz\u00e1m\u00e1ra. \u00a0<\/p>\n<h4 style=\"text-align: left\">SEAT Kupa, g\u00e1lam\u00e9rk\u0151z\u00e9s \u2013 2022. augusztus 12.<\/h4>\n<p style=\"text-align: left\">A Civil\u00fat Alap\u00edtv\u00e1ny a Magyar V\u00edzilabda Sz\u00f6vets\u00e9g j\u00f3szolg\u00e1lati partnerek\u00e9nt m\u0171k\u00f6d\u00f6tt k\u00f6zre a SEAT Kupa g\u00e1lam\u00e9rk\u0151z\u00e9sen. A Haj\u00f3s Alfr\u00e9d Nemzeti Sportuszod\u00e1ban megrendezett, Magyarorsz\u00e1g\u00a0\u2013 Ausztr\u00e1lia\u00a0n\u0151i v\u00edzilabdam\u00e9rk\u0151z\u00e9sre \u00f6sszesen 300 t\u00e9r\u00edt\u00e9smentes jegyet aj\u00e1nlott fel az MVLSZ. A tiszteletjegyeket az Alap\u00edtv\u00e1ny a partnerszervezetein kereszt\u00fcl juttatta el az \u00e9rintetteknek: 26 fogyat\u00e9koss\u00e1ggal, nehez\u00edtetts\u00e9ggel \u00e9l\u0151 emberekkel, nagycsal\u00e1dosokkal, egysz\u00fcl\u0151s csal\u00e1dokkal, valamint eg\u00e9szs\u00e9g\u00fcgyi dolgoz\u00f3kkal foglalkoz\u00f3 civil szervezet, alap\u00edtv\u00e1ny \u00e9s int\u00e9zm\u00e9ny vett r\u00e9szt a bel\u00e9p\u0151jegyek sz\u00e9toszt\u00e1s\u00e1ban. \u00a0<\/p>\n<p style=\"text-align: left\">A sikeres egy\u00fcttm\u0171k\u00f6d\u00e9s r\u00e9v\u00e9n 300 f\u0151, fogyat\u00e9koss\u00e1ggal, nehez\u00edtetts\u00e9ggel \u00e9l\u0151 emberek, nagycsal\u00e1dosok, egysz\u00fcl\u0151s csal\u00e1dok, valamint eg\u00e9szs\u00e9g\u00fcgyi dolgoz\u00f3k vehettek r\u00e9szt a m\u00e9rk\u0151z\u00e9sen \u00e9s szurkolhattak a magyar v\u00edzilabda v\u00e1logatottnak.<\/p>\n<p style=\"text-align: left\">Megh\u00edvott partnerszervezetek: \u00a0<\/p>\n<p style=\"text-align: left\">Af\u00e1zia Egyes\u00fclet<\/p>\n<p style=\"text-align: left\">Az \u00c9p Hall\u00e1s\u00e9rt Alap\u00edtv\u00e1ny<\/p>\n<p style=\"text-align: left\">Autist\u00e1k Orsz\u00e1gos Sz\u00f6vets\u00e9ge<\/p>\n<p style=\"text-align: left\">Egy Csepp Figyelem Alap\u00edtv\u00e1ny<\/p>\n<p style=\"text-align: left\">Egy sima egy ford\u00edtott &#8211; Egyes\u00fclet az Inkl\u00fazi\u00f3\u00e9rt<\/p>\n<p style=\"text-align: left\">Es\u0151emberek\u00e9rt Egyes\u00fclet<\/p>\n<p style=\"text-align: left\">\u00c9rtelmi Fogyat\u00e9koss\u00e1ggal \u00c9l\u0151k \u00e9s Seg\u00edt\u0151ik Orsz\u00e1gos \u00c9rdekv\u00e9delmi Sz\u00f6vets\u00e9ge<\/p>\n<p style=\"text-align: left\">\u00c9rtelmi S\u00e9r\u00fclteket Szolg\u00e1l\u00f3 T\u00e1rsadalmi Szervezetek \u00e9s Alap\u00edtv\u00e1nyok Orsz\u00e1gos Sz\u00f6vets\u00e9ge<\/p>\n<p style=\"text-align: left\">Fiatal Csal\u00e1dosok Klubja<\/p>\n<p style=\"text-align: left\">IRM\u00c1K Nonprofit Kft.<\/p>\n<p style=\"text-align: left\">K\u00e9zenFogva Alap\u00edtv\u00e1ny<\/p>\n<p style=\"text-align: left\">L\u00e1t\u00e1ss\u00e9r\u00fcltek Szabadid\u0151s Sportegyes\u00fclete<\/p>\n<p style=\"text-align: left\">Ments \u00c9letet Alap\u00edtv\u00e1ny \u00a0 \u00a0 \u00a0<\/p>\n<p style=\"text-align: left\">Nagycsal\u00e1dosok Orsz\u00e1gos Egyes\u00fclete<\/p>\n<p style=\"text-align: left\">Orsz\u00e1gos K\u00f3rh\u00e1zi F\u0151igazgat\u00f3s\u00e1g<\/p>\n<p style=\"text-align: left\">Rehabforce Nonprofit Kft.<\/p>\n<p style=\"text-align: left\">Ringat\u00f3 Magyar Zenei Nevel\u00e9si Alap\u00edtv\u00e1ny<\/p>\n<p style=\"text-align: left\">Siketek \u00e9s Nagyothall\u00f3k Orsz\u00e1gos Sz\u00f6vets\u00e9ge \u00a0<\/p>\n<p style=\"text-align: left\">Sportos Cukorbetegek Egyes\u00fclete \u00a0 \u00a0 \u00a0 \u00a0 \u00a0 \u00a0<\/p>\n<p style=\"text-align: left\">Szerv\u00e1t\u00fcltetettek Orsz\u00e1gos Sz\u00f6vets\u00e9ge<\/p>\n<p style=\"text-align: left\">Sz\u00edv Bajnokai Alap\u00edtv\u00e1ny<\/p>\n<p style=\"text-align: left\">Szoci\u00e1lis \u00e9s Gyermekv\u00e9delmi F\u0151igazgat\u00f3s\u00e1g<\/p>\n<p style=\"text-align: left\">Egyed\u00fcl\u00e1ll\u00f3 Sz\u00fcl\u0151k Klubja Alap\u00edtv\u00e1ny \u00a0 \u00a0 \u00a0<\/p>\n<p style=\"text-align: left\">Szurik\u00e1ta Alap\u00edtv\u00e1ny<\/p>\n<p style=\"text-align: left\">Sz\u00fcl\u0151k H\u00e1za Alap\u00edtv\u00e1ny<\/p>\n<p style=\"text-align: left\">Vakok \u00c1llami Int\u00e9zete \u00a0<\/p>\n<p style=\"text-align: left\">\u00a0<\/p>\n<h4 style=\"text-align: left\">BENU Kupa\u2013 2022. augusztus 17 -19.<\/h4>\n<p><img loading=\"lazy\" decoding=\"async\" style=\"float: right\" src=\"http:\/www.civilut.hu\/documents\/Benu%20kupa_k%C3%A9p_weboldalra_forr%C3%A1s_MVLSZ%20(1).jpg\" alt=\"\" width=\"381\" height=\"254\" \/><\/p>\n<p style=\"text-align: left\">A Civil\u00fat Alap\u00edtv\u00e1ny a Magyar V\u00edzilabda Sz\u00f6vets\u00e9g j\u00f3szolg\u00e1lati partnerek\u00e9nt m\u0171k\u00f6d\u00f6tt k\u00f6zre a BENU Kupa v\u00edzilabdam\u00e9rk\u0151z\u00e9sein. A Haj\u00f3s Alfr\u00e9d Nemzeti Sportuszod\u00e1ban megrendezett h\u00e1rom napos esem\u00e9nyre napi bont\u00e1sban 200 t\u00e9r\u00edt\u00e9smentes jegyet aj\u00e1nlott fel az MVLSZ. A tiszteletjegyeket az Alap\u00edtv\u00e1ny a partnerszervezetein kereszt\u00fcl juttatta el az \u00e9rintetteknek: fogyat\u00e9koss\u00e1ggal, nehez\u00edtetts\u00e9ggel \u00e9l\u0151 emberekkel, nagycsal\u00e1dosokkal, egysz\u00fcl\u0151s csal\u00e1dokkal, valamint eg\u00e9szs\u00e9g\u00fcgyi dolgoz\u00f3kkal foglalkoz\u00f3 civil szervezet, alap\u00edtv\u00e1ny \u00e9s int\u00e9zm\u00e9ny vett r\u00e9szt a bel\u00e9p\u0151jegyek sz\u00e9toszt\u00e1s\u00e1ban. \u00a0<\/p>\n<p style=\"text-align: left\">A sikeres egy\u00fcttm\u0171k\u00f6d\u00e9s r\u00e9v\u00e9n \u00f6sszesen k\u00f6zel 600 f\u0151, fogyat\u00e9koss\u00e1ggal, nehez\u00edtetts\u00e9ggel \u00e9l\u0151 emberek, nagycsal\u00e1dosok, egysz\u00fcl\u0151s csal\u00e1dok, valamint eg\u00e9szs\u00e9g\u00fcgyi dolgoz\u00f3k vehettek r\u00e9szt a m\u00e9rk\u0151z\u00e9seken \u00e9s szurkolhattak k\u00f6z\u00f6sen.<\/p>\n<p style=\"text-align: left\">Megh\u00edvott partnerszervezetek: \u00a0<\/p>\n<p style=\"text-align: left\">Af\u00e1zia Egyes\u00fclet<\/p>\n<p style=\"text-align: left\">Az \u00c9p Hall\u00e1s\u00e9rt Alap\u00edtv\u00e1ny<\/p>\n<p style=\"text-align: left\">Autist\u00e1k Orsz\u00e1gos Sz\u00f6vets\u00e9ge<\/p>\n<p style=\"text-align: left\">Egy Csepp Figyelem Alap\u00edtv\u00e1ny<\/p>\n<p style=\"text-align: left\">Egy sima egy ford\u00edtott &#8211; Egyes\u00fclet az Inkl\u00fazi\u00f3\u00e9rt<\/p>\n<p style=\"text-align: left\">Es\u0151emberek\u00e9rt Egyes\u00fclet<\/p>\n<p style=\"text-align: left\">\u00c9rtelmi Fogyat\u00e9koss\u00e1ggal \u00c9l\u0151k \u00e9s Seg\u00edt\u0151ik Orsz\u00e1gos \u00c9rdekv\u00e9delmi Sz\u00f6vets\u00e9ge<\/p>\n<p style=\"text-align: left\">\u00c9rtelmi S\u00e9r\u00fclteket Szolg\u00e1l\u00f3 T\u00e1rsadalmi Szervezetek \u00e9s Alap\u00edtv\u00e1nyok Orsz\u00e1gos Sz\u00f6vets\u00e9ge<\/p>\n<p style=\"text-align: left\">Fiatal Csal\u00e1dosok Klubja<\/p>\n<p style=\"text-align: left\">IRM\u00c1K Nonprofit Kft.<\/p>\n<p style=\"text-align: left\">K\u00e9zenFogva Alap\u00edtv\u00e1ny<\/p>\n<p style=\"text-align: left\">L\u00e1t\u00e1ss\u00e9r\u00fcltek Szabadid\u0151s Sportegyes\u00fclete<\/p>\n<p style=\"text-align: left\">Ments \u00c9letet Alap\u00edtv\u00e1ny \u00a0 \u00a0 \u00a0<\/p>\n<p style=\"text-align: left\">Nagycsal\u00e1dosok Orsz\u00e1gos Egyes\u00fclete<\/p>\n<p style=\"text-align: left\">Orsz\u00e1gos K\u00f3rh\u00e1zi F\u0151igazgat\u00f3s\u00e1g<\/p>\n<p style=\"text-align: left\">Rehabforce Nonprofit Kft.<\/p>\n<p style=\"text-align: left\">Ringat\u00f3 Magyar Zenei Nevel\u00e9si Alap\u00edtv\u00e1ny<\/p>\n<p style=\"text-align: left\">Siketek \u00e9s Nagyothall\u00f3k Orsz\u00e1gos Sz\u00f6vets\u00e9ge \u00a0<\/p>\n<p style=\"text-align: left\">Sportos Cukorbetegek Egyes\u00fclete \u00a0 \u00a0 \u00a0 \u00a0 \u00a0 \u00a0<\/p>\n<p style=\"text-align: left\">Szerv\u00e1t\u00fcltetettek Orsz\u00e1gos Sz\u00f6vets\u00e9ge<\/p>\n<p style=\"text-align: left\">Sz\u00edv Bajnokai Alap\u00edtv\u00e1ny<\/p>\n<p style=\"text-align: left\">Szoci\u00e1lis \u00e9s Gyermekv\u00e9delmi F\u0151igazgat\u00f3s\u00e1g<\/p>\n<p style=\"text-align: left\">Egyed\u00fcl\u00e1ll\u00f3 Sz\u00fcl\u0151k Klubja Alap\u00edtv\u00e1ny \u00a0 \u00a0 \u00a0<\/p>\n<p style=\"text-align: left\">Szurik\u00e1ta Alap\u00edtv\u00e1ny<\/p>\n<p style=\"text-align: left\">Sz\u00fcl\u0151k H\u00e1za Alap\u00edtv\u00e1ny<\/p>\n<p style=\"text-align: left\">Vakok \u00c1llami Int\u00e9zete \u00a0<\/p>\n<p style=\"text-align: left\">\u00a0<\/p>\n<p style=\"text-align: left\">Fot\u00f3: MVLSZ<\/p>\n<p style=\"text-align: left\">\u00a0<\/p>\n","protected":false},"author":52,"featured_media":2206,"template":"","categories":[],"class_list":["post-2205","programok","type-programok","status-publish","has-post-thumbnail","hentry"],"acf":[],"_links":{"self":[{"href":"https:\/\/civilut.hu\/index.php?rest_route=\/wp\/v2\/programok\/2205","targetHints":{"allow":["GET"]}}],"collection":[{"href":"https:\/\/civilut.hu\/index.php?rest_route=\/wp\/v2\/programok"}],"about":[{"href":"https:\/\/civilut.hu\/index.php?rest_route=\/wp\/v2\/types\/programok"}],"author":[{"embeddable":true,"href":"https:\/\/civilut.hu\/index.php?rest_route=\/wp\/v2\/users\/52"}],"wp:featuredmedia":[{"embeddable":true,"href":"https:\/\/civilut.hu\/index.php?rest_route=\/wp\/v2\/media\/2206"}],"wp:attachment":[{"href":"https:\/\/civilut.hu\/index.php?rest_route=%2Fwp%2Fv2%2Fmedia&parent=2205"}],"wp:term":[{"taxonomy":"category","embeddable":true,"href":"https:\/\/civilut.hu\/index.php?rest_route=%2Fwp%2Fv2%2Fcategories&post=2205"}],"curies":[{"name":"wp","href":"https:\/\/api.w.org\/{rel}","templated":true}]}}